{"id":106,"date":"2026-04-28T17:32:15","date_gmt":"2026-04-28T17:32:15","guid":{"rendered":"https:\/\/pom.pt\/2027\/?page_id=106"},"modified":"2026-04-28T17:41:53","modified_gmt":"2026-04-28T17:41:53","slug":"info-gerais","status":"publish","type":"page","link":"https:\/\/pom.pt\/2027\/info-gerais\/","title":{"rendered":"Info Geral"},"content":{"rendered":"<h3>Resultados e Pr\u00e9mios<\/h3>\n<p>Ao longo de 4 dias haver\u00e1 7 etapas no POM\u201927, de acordo com o programa do evento.<\/p>\n<h4>\u00a04 Etapas de Floresta \u2013 de S\u00e1bado, 6 a Ter\u00e7a-Feira, 9 de Fevereiro<\/h4>\n<ul>\n<li>Para a classifica\u00e7\u00e3o geral do POM\u201927, contam as quatro etapas de floresta.<\/li>\n<li>O resultado final do Portugal \u2018O\u2019 Meeting ser\u00e1 definido pela soma dos pontos obtidos ao longo das 4 etapas pontu\u00e1veis, exceto nos escal\u00f5es de Elite, onde o vencedor do evento ser\u00e1 o primeiro atleta a terminar a \u00faltima etapa (Chasing Start).<\/li>\n<li>A etapa de 7 de fevereiro \u00e9 evento WRE, havendo uma cerim\u00f3nia de entrega de pr\u00e9mios.<\/li>\n<li>Se o escal\u00e3o de Elite Masculina for dividido por elevado n\u00famero de participantes, apenas os atletas da Elite Masculina 1 (ME1) ter\u00e3o direito a subir ao p\u00f3dio.<\/li>\n<li>Os cinco primeiros classificados dos escal\u00f5es WE e ME1 subir\u00e3o ao p\u00f3dio.<\/li>\n<li>Na classifica\u00e7\u00e3o geral do POM\u201927, subir\u00e3o ao p\u00f3dio:\n<ul>\n<li>TOP 3 de cada escal\u00e3o de Competi\u00e7\u00e3o<\/li>\n<li>TOP 5 por Clubes<\/li>\n<li>TOP 5 dos escal\u00f5es de Elite (s\u00f3 WE e ME1 recebem pr\u00e9mios)<\/li>\n<li>Todos os jovens dos escal\u00f5es de Forma\u00e7\u00e3o (T10, W\/M12) recebem uma lembran\u00e7a<\/li>\n<\/ul>\n<\/li>\n<\/ul>\n<h4>\u00a02 Etapas de Sprint<\/h4>\n<h4>Night Sprint \u2013 S\u00e1bado, 6 de Fevereiro<\/h4>\n<p>Etapa com classifica\u00e7\u00e3o conjunta com o sprint urbano, n\u00e3o contando para a classifica\u00e7\u00e3o geral do POM\u201927, e contando para a classifica\u00e7\u00e3o de sprints.<\/p>\n<h4>Sprint urbano \u2013 Segunda-feira, 8 de Fevereiro<\/h4>\n<p>Etapa com classifica\u00e7\u00e3o conjunta com o sprint urbano, n\u00e3o contando para a classifica\u00e7\u00e3o geral do POM\u201927, e contando para a classifica\u00e7\u00e3o de sprints.<\/p>\n<ul>\n<li>A etapa de 7 de fevereiro \u00e9 evento WRE, havendo uma cerim\u00f3nia de entrega de pr\u00e9mios.<\/li>\n<li>Na classifica\u00e7\u00e3o geral dos sprints, com cerim\u00f3nia de entrega de pr\u00e9mios dedicada, que se realizar\u00e1 logo ap\u00f3s o t\u00e9rmino da prova urbana, subir\u00e3o ao p\u00f3dio:\n<ul>\n<li>TOP 3 de cada escal\u00e3o de Competi\u00e7\u00e3o<\/li>\n<li>TOP 5 dos escal\u00f5es de Elite (M\/W)<\/li>\n<\/ul>\n<\/li>\n<\/ul>\n<h4>PreO \u2013 Domingo, 7 de Fevereiro<\/h4>\n<ul>\n<li>A competi\u00e7\u00e3o de Orienta\u00e7\u00e3o de Precis\u00e3o (PreO) ter\u00e1 classifica\u00e7\u00e3o pr\u00f3pria e uma cerim\u00f3nia de entrega de pr\u00e9mios dedicada, que se realizar\u00e1 logo ap\u00f3s o t\u00e9rmino da prova.<\/li>\n<li>Os tr\u00eas primeiros classificados de cada escal\u00e3o subir\u00e3o ao p\u00f3dio.<\/li>\n<\/ul>\n<h3>Babysitting<\/h3>\n<p>Durante as provas de Orienta\u00e7\u00e3o Pedestre (Sprint e Floresta) estar\u00e1 dispon\u00edvel este servi\u00e7o.<br \/>\nQuem desejar utilizar este servi\u00e7o deve selecionar a op\u00e7\u00e3o correspondente no momento da inscri\u00e7\u00e3o na plataforma OriOasis.<\/p>\n<h3>Solo duro<\/h3>\n<p>A organiza\u00e7\u00e3o disponibilizar\u00e1 alojamento gratuito em regime de solo duro em local a indicar.<\/p>\n<h3>Clima<\/h3>\n<ul>\n<li>Temperaturas: M\u00e1xima de 20\u00b0C \/ M\u00e9dia de 12\u00baC \/ M\u00ednima: de 6\u00baC<\/li>\n<li>Luz Solar: nascer do sol ser\u00e1 por volta das 7h30 e o p\u00f4r do sol \u00e0s 18h10.<\/li>\n<\/ul>\n<h3>Outros<\/h3>\n<p>No Boletim 2 ser\u00e3o divulgadas as restantes informa\u00e7\u00f5es. Caso necessite de alguma em particular, escreva para: <a href=\"mailto:oricoala.eventos@gmail.com\">oricoala.eventos@gmail.com<\/a><\/p>\n<h3>Contactos<\/h3>\n<p><a href=\"mailto:info@pom.pt\">info@pom.pt<\/a> (informa\u00e7\u00f5es gerais)<br \/>\n<a href=\"mailto:entries@pom.pt\">entries@pom.pt<\/a> (gest\u00e3o de inscri\u00e7\u00f5es)<br \/>\n<a href=\"mailto:payments@pom.pt\">payments@pom.pt<\/a> (pagamentos)<\/p>\n","protected":false},"excerpt":{"rendered":"<p>Resultados e Pr\u00e9mios Ao longo de 4 dias haver\u00e1 7 etapas no POM\u201927, de acordo com o programa do evento. \u00a04 Etapas de Floresta \u2013 de S\u00e1bado, 6 a Ter\u00e7a-Feira, 9 de Fevereiro Para a classifica\u00e7\u00e3o geral do POM\u201927, contam as quatro etapas de floresta. O resultado final do Portugal \u2018O\u2019 Meeting ser\u00e1 definido pela soma dos pontos obtidos ao longo das 4 etapas pontu\u00e1veis, exceto nos escal\u00f5es de Elite, onde o vencedor do evento ser\u00e1 o primeiro atleta a terminar a \u00faltima etapa (Chasing Start). A etapa de 7 de fevereiro \u00e9 evento WRE, havendo uma cerim\u00f3nia de entrega de pr\u00e9mios. Se o escal\u00e3o de Elite Masculina for dividido [&hellip;]<\/p>\n","protected":false},"author":12,"featured_media":0,"parent":0,"menu_order":0,"comment_status":"closed","ping_status":"closed","template":"","meta":{"_monsterinsights_skip_tracking":false,"_monsterinsights_sitenote_active":false,"_monsterinsights_sitenote_note":"","_monsterinsights_sitenote_category":0,"footnotes":""},"class_list":["post-106","page","type-page","status-publish","hentry","post"],"_links":{"self":[{"href":"https:\/\/pom.pt\/2027\/wp-json\/wp\/v2\/pages\/106","targetHints":{"allow":["GET"]}}],"collection":[{"href":"https:\/\/pom.pt\/2027\/wp-json\/wp\/v2\/pages"}],"about":[{"href":"https:\/\/pom.pt\/2027\/wp-json\/wp\/v2\/types\/page"}],"author":[{"embeddable":true,"href":"https:\/\/pom.pt\/2027\/wp-json\/wp\/v2\/users\/12"}],"replies":[{"embeddable":true,"href":"https:\/\/pom.pt\/2027\/wp-json\/wp\/v2\/comments?post=106"}],"version-history":[{"count":3,"href":"https:\/\/pom.pt\/2027\/wp-json\/wp\/v2\/pages\/106\/revisions"}],"predecessor-version":[{"id":112,"href":"https:\/\/pom.pt\/2027\/wp-json\/wp\/v2\/pages\/106\/revisions\/112"}],"wp:attachment":[{"href":"https:\/\/pom.pt\/2027\/wp-json\/wp\/v2\/media?parent=106"}],"curies":[{"name":"wp","href":"https:\/\/api.w.org\/{rel}","templated":true}]}}