{"id":2010,"date":"2025-11-10T13:00:25","date_gmt":"2025-11-10T12:00:25","guid":{"rendered":"https:\/\/pom.pt\/2026\/?page_id=2010"},"modified":"2026-02-10T12:20:27","modified_gmt":"2026-02-10T11:20:27","slug":"informacao-geral","status":"publish","type":"page","link":"https:\/\/pom.pt\/2026\/informacao-geral\/","title":{"rendered":"Informa\u00e7\u00e3o"},"content":{"rendered":"<div id=\"pl-gb2010-69ef744997a98\"  class=\"panel-layout\" ><div id=\"pg-gb2010-69ef744997a98-0\"  class=\"panel-grid panel-has-style\" ><div class=\"panel-row-style panel-row-style-for-gb2010-69ef744997a98-0\" ><div id=\"pgc-gb2010-69ef744997a98-0-0\"  class=\"panel-grid-cell\" ><div id=\"panel-gb2010-69ef744997a98-0-0-0\" class=\"so-panel widget widget_sow-accordion panel-first-child panel-last-child\" data-index=\"0\" ><div\n\t\t\t\n\t\t\tclass=\"so-widget-sow-accordion so-widget-sow-accordion-default-c73a9c3d91c9-2010\"\n\t\t\t data-max-open-panels=\"1\" data-initial-scroll-panel=\"0\"\n\t\t><div>\n\t<div class=\"sow-accordion\">\n\t\t\t<div class=\"sow-accordion-panel\n\t\t\t\t\t\"\n\t\t\t\tdata-anchor-id=\"responsaveis-pom-2026\">\n\t\t\t\t\t<div class=\"sow-accordion-panel-header-container\" role=\"heading\" aria-level=\"2\">\n\t\t\t\t\t<div class=\"sow-accordion-panel-header\" tabindex=\"0\" role=\"button\" id=\"accordion-label-respons%c3%a1veis-pom-2026\" aria-controls=\"accordion-content-respons%c3%a1veis-pom-2026\" aria-expanded=\"false\">\n\t\t\t\t\t\t<div class=\"sow-accordion-title sow-accordion-title-icon-left\">\n\t\t\t\t\t\t\t\t\t\t\t\t\t\tRespons\u00e1veis POM 2026\t\t\t\t\t\t\t\t\t\t\t\t\t<\/div>\n\t\t\t\t\t\t<div class=\"sow-accordion-open-close-button\">\n\t\t\t\t\t\t\t<div class=\"sow-accordion-open-button\">\n\t\t\t\t\t\t\t\t<span class=\"sow-icon-fontawesome sow-fas\" data-sow-icon=\"&#x2b;\"\n\t\t \n\t\taria-hidden=\"true\"><\/span>\t\t\t\t\t\t\t<\/div>\n\t\t\t\t\t\t\t<div class=\"sow-accordion-close-button\">\n\t\t\t\t\t\t\t\t<span class=\"sow-icon-fontawesome sow-fas\" data-sow-icon=\"&#xf068;\"\n\t\t \n\t\taria-hidden=\"true\"><\/span>\t\t\t\t\t\t\t<\/div>\n\t\t\t\t\t\t<\/div>\n\t\t\t\t\t<\/div>\n\t\t\t\t<\/div>\n\n\t\t\t<div\n\t\t\t\tclass=\"sow-accordion-panel-content\"\n\t\t\t\trole=\"region\"\n\t\t\t\taria-labelledby=\"accordion-label-respons%c3%a1veis-pom-2026\"\n\t\t\t\tid=\"accordion-content-respons%c3%a1veis-pom-2026\"\n\t\t\t\tstyle=\"display: none;\"\t\t\t>\n\t\t\t\t<div class=\"sow-accordion-panel-border\">\n\t\t\t\t\t<ul>\n<li><strong>Diretor do Evento<\/strong>\n<ul>\n<li>Rafael Miguel<\/li>\n<\/ul>\n<\/li>\n<li><strong>Director T\u00e9cnico do Evento<\/strong>\n<ul>\n<li>Bruno Naz\u00e1rio<\/li>\n<\/ul>\n<\/li>\n<li><strong>Supervisor da Federa\u00e7\u00e3o Portuguesa de Orienta\u00e7\u00e3o<\/strong>\n<ul>\n<li>Alexandre Reis<\/li>\n<\/ul>\n<\/li>\n<\/ul>\n\t\t\t\t<\/div>\n\t\t\t<\/div>\n\t\t<\/div>\n\t\t\t<div class=\"sow-accordion-panel\n\t\t\t\t\t\"\n\t\t\t\tdata-anchor-id=\"centro-do-evento\">\n\t\t\t\t\t<div class=\"sow-accordion-panel-header-container\" role=\"heading\" aria-level=\"2\">\n\t\t\t\t\t<div class=\"sow-accordion-panel-header\" tabindex=\"0\" role=\"button\" id=\"accordion-label-centro-do-evento\" aria-controls=\"accordion-content-centro-do-evento\" aria-expanded=\"false\">\n\t\t\t\t\t\t<div class=\"sow-accordion-title sow-accordion-title-icon-left\">\n\t\t\t\t\t\t\t\t\t\t\t\t\t\tCentro do Evento\t\t\t\t\t\t\t\t\t\t\t\t\t<\/div>\n\t\t\t\t\t\t<div class=\"sow-accordion-open-close-button\">\n\t\t\t\t\t\t\t<div class=\"sow-accordion-open-button\">\n\t\t\t\t\t\t\t\t<span class=\"sow-icon-fontawesome sow-fas\" data-sow-icon=\"&#x2b;\"\n\t\t \n\t\taria-hidden=\"true\"><\/span>\t\t\t\t\t\t\t<\/div>\n\t\t\t\t\t\t\t<div class=\"sow-accordion-close-button\">\n\t\t\t\t\t\t\t\t<span class=\"sow-icon-fontawesome sow-fas\" data-sow-icon=\"&#xf068;\"\n\t\t \n\t\taria-hidden=\"true\"><\/span>\t\t\t\t\t\t\t<\/div>\n\t\t\t\t\t\t<\/div>\n\t\t\t\t\t<\/div>\n\t\t\t\t<\/div>\n\n\t\t\t<div\n\t\t\t\tclass=\"sow-accordion-panel-content\"\n\t\t\t\trole=\"region\"\n\t\t\t\taria-labelledby=\"accordion-label-centro-do-evento\"\n\t\t\t\tid=\"accordion-content-centro-do-evento\"\n\t\t\t\tstyle=\"display: none;\"\t\t\t>\n\t\t\t\t<div class=\"sow-accordion-panel-border\">\n\t\t\t\t\t<ul>\n<li><strong>Na Quinta-Feira e Sexta-Feira, dias 12 e 13 de Fevereiro<\/strong>, o centro do Evento funciona no <a href=\"https:\/\/maps.app.goo.gl\/2atiTDTWXWmJ9oEe8\">Museu dos Palheiros de Mira \u2013 Praia de Mira<\/a><\/li>\n<li>Nos restantes dias, o Centro do Evento ser\u00e1 nas Arenas de cada prova, onde se localiza o Secretariado.<\/li>\n<\/ul>\n\t\t\t\t<\/div>\n\t\t\t<\/div>\n\t\t<\/div>\n\t\t\t<div class=\"sow-accordion-panel\n\t\t\t\t\t\"\n\t\t\t\tdata-anchor-id=\"pom-2026-etapas-resultados-e-premios\">\n\t\t\t\t\t<div class=\"sow-accordion-panel-header-container\" role=\"heading\" aria-level=\"2\">\n\t\t\t\t\t<div class=\"sow-accordion-panel-header\" tabindex=\"0\" role=\"button\" id=\"accordion-label-pom-2026-etapas-resultados-e-pr%c3%a9mios\" aria-controls=\"accordion-content-pom-2026-etapas-resultados-e-pr%c3%a9mios\" aria-expanded=\"false\">\n\t\t\t\t\t\t<div class=\"sow-accordion-title sow-accordion-title-icon-left\">\n\t\t\t\t\t\t\t\t\t\t\t\t\t\tPOM 2026  &#8211; Etapas, Resultados e Pr\u00e9mios\t\t\t\t\t\t\t\t\t\t\t\t\t<\/div>\n\t\t\t\t\t\t<div class=\"sow-accordion-open-close-button\">\n\t\t\t\t\t\t\t<div class=\"sow-accordion-open-button\">\n\t\t\t\t\t\t\t\t<span class=\"sow-icon-fontawesome sow-fas\" data-sow-icon=\"&#x2b;\"\n\t\t \n\t\taria-hidden=\"true\"><\/span>\t\t\t\t\t\t\t<\/div>\n\t\t\t\t\t\t\t<div class=\"sow-accordion-close-button\">\n\t\t\t\t\t\t\t\t<span class=\"sow-icon-fontawesome sow-fas\" data-sow-icon=\"&#xf068;\"\n\t\t \n\t\taria-hidden=\"true\"><\/span>\t\t\t\t\t\t\t<\/div>\n\t\t\t\t\t\t<\/div>\n\t\t\t\t\t<\/div>\n\t\t\t\t<\/div>\n\n\t\t\t<div\n\t\t\t\tclass=\"sow-accordion-panel-content\"\n\t\t\t\trole=\"region\"\n\t\t\t\taria-labelledby=\"accordion-label-pom-2026-etapas-resultados-e-pr%c3%a9mios\"\n\t\t\t\tid=\"accordion-content-pom-2026-etapas-resultados-e-pr%c3%a9mios\"\n\t\t\t\tstyle=\"display: none;\"\t\t\t>\n\t\t\t\t<div class=\"sow-accordion-panel-border\">\n\t\t\t\t\t<p>Ao longo de 5 dias haver\u00e1 7 etapas no POM 2026, de acordo com o\u00a0 <a href=\"https:\/\/pom.pt\/2026\/pt\/programa\/\">Programa<\/a> do Evento.<\/p>\n<ul>\n<li><strong>Sprint GOLD WRE (Ranking Mundial) \u2013 Sexta-feira, 13 de Fevereiro<\/strong>\n<ul>\n<li>Etapa com classifica\u00e7\u00e3o independente, n\u00e3o contando para a classifica\u00e7\u00e3o geral do POM 2026<\/li>\n<li>Os pr\u00e9mios ser\u00e3o atribu\u00eddos apenas aos escal\u00f5es de Elite 1 e a cerim\u00f3nia de entrega ter\u00e1 in\u00edcio aproximadamente 20 minutos ap\u00f3s a chegada do \u00faltimo atleta.<\/li>\n<li>Se os escal\u00f5es de Elite forem divididos por elevado n\u00famero de participantes, apenas os atletas da Elite 1 Masculina e Feminina ter\u00e3o direito a subir ao p\u00f3dio<\/li>\n<li><strong>Os cinco primeiros classificados dos escal\u00f5es W Elite 1 e M Elite 1 subir\u00e3o ao p\u00f3dio.<\/strong><\/li>\n<li><strong>Os tr\u00eas primeiros classificados dos escal\u00f5es W Elite 1 e M Elite 1 recebem um pr\u00e9mio monet\u00e1rio.<\/strong><\/li>\n<\/ul>\n<\/li>\n<li><strong>PreO Sprint \u2013 S\u00e1bado, 14 de Fevereiro<\/strong>\n<ul>\n<li>A competi\u00e7\u00e3o de Orienta\u00e7\u00e3o de Precis\u00e3o (PreO) ter\u00e1 classifica\u00e7\u00e3o pr\u00f3pria e uma cerim\u00f3nia de entrega de pr\u00e9mios dedicada, que se realizar\u00e1 logo ap\u00f3s o t\u00e9rmino da prova.<\/li>\n<li><strong>Os tr\u00eas primeiros classificados de cada escal\u00e3o subir\u00e3o ao p\u00f3dio.<\/strong><\/li>\n<\/ul>\n<\/li>\n<li><strong>Night Sprint \u2013 Segunda 16 de Fevereiro<\/strong>\n<ul>\n<li>Etapa com classifica\u00e7\u00e3o independente, n\u00e3o contando para a classifica\u00e7\u00e3o geral do POM 2026<\/li>\n<li>N\u00e3o haver\u00e1 entrega de pr\u00e9mios para o Sprint Noturno.<\/li>\n<\/ul>\n<\/li>\n<li><strong>4 Etapas de Floresta \u2013 de S\u00e1bado 14 a Ter\u00e7a-Feira 17 de Fevereiro<\/strong>\n<ul>\n<li>Para a classifica\u00e7\u00e3o geral do POM 2026, contam as quatro etapas de floresta.<\/li>\n<li>Para subir ao p\u00f3dio, \u00e9 obrigat\u00f3rio concluir todas as quatro etapas de floresta.<\/li>\n<li>Nos escal\u00f5es de Competi\u00e7\u00e3o, a classifica\u00e7\u00e3o geral do Portugal \u201cO\u201d Meeting 2026 ser\u00e1 decidida na \u00faltima etapa, com partida em modo Chasing Start. Consulte a p\u00e1gina <a href=\"https:\/\/pom.pt\/2026\/pt\/escaloes-disponiveis\/\">Escal\u00f5es<\/a> para mais informa\u00e7\u00f5es sobre este procedimento.<\/li>\n<li>As etapas de 14 e 16 de fevereiro s\u00e3o eventos GOLD WRE, havendo uma cerim\u00f3nia de entrega de pr\u00e9mios no final.\n<ul>\n<li>Se os escal\u00f5es de Elite forem divididos por elevado n\u00famero de participantes, apenas os atletas da Elite 1 Masculina e Feminina ter\u00e3o direito a subir ao p\u00f3dio<\/li>\n<li><strong>Os cinco primeiros classificados dos escal\u00f5es W Elite 1 e M Elite 1 subir\u00e3o ao p\u00f3dio.<\/strong><\/li>\n<li><strong>Os tr\u00eas primeiros classificados dos escal\u00f5es W Elite 1 e M Elite 1 recebem um pr\u00e9mio monet\u00e1rio.<\/strong><\/li>\n<\/ul>\n<\/li>\n<li><strong>Na classifica\u00e7\u00e3o geral do POM, subir\u00e3o ao p\u00f3dio:<\/strong>\n<ul>\n<li><strong>TOP 3<\/strong> de cada escal\u00e3o de Competi\u00e7\u00e3o<\/li>\n<li><strong>TOP 5<\/strong> por Clubes<\/li>\n<li><strong>TOP 5<\/strong> dos escal\u00f5es de Elite (s\u00f3 Elite 1 recebe pr\u00e9mios)<\/li>\n<li><strong>Todos os jovens<\/strong> dos escal\u00f5es de Forma\u00e7\u00e3o (T10, W\/M12) recebem uma lembran\u00e7a<\/li>\n<li><strong>Sem entrega de pr\u00e9mios nos escal\u00f5es Abertos<\/strong><\/li>\n<\/ul>\n<\/li>\n<\/ul>\n<\/li>\n<\/ul>\n\t\t\t\t<\/div>\n\t\t\t<\/div>\n\t\t<\/div>\n\t\t\t<div class=\"sow-accordion-panel\n\t\t\t\t\t\"\n\t\t\t\tdata-anchor-id=\"babysitting\">\n\t\t\t\t\t<div class=\"sow-accordion-panel-header-container\" role=\"heading\" aria-level=\"2\">\n\t\t\t\t\t<div class=\"sow-accordion-panel-header\" tabindex=\"0\" role=\"button\" id=\"accordion-label-babysitting\" aria-controls=\"accordion-content-babysitting\" aria-expanded=\"false\">\n\t\t\t\t\t\t<div class=\"sow-accordion-title sow-accordion-title-icon-left\">\n\t\t\t\t\t\t\t\t\t\t\t\t\t\tBabysitting\t\t\t\t\t\t\t\t\t\t\t\t\t<\/div>\n\t\t\t\t\t\t<div class=\"sow-accordion-open-close-button\">\n\t\t\t\t\t\t\t<div class=\"sow-accordion-open-button\">\n\t\t\t\t\t\t\t\t<span class=\"sow-icon-fontawesome sow-fas\" data-sow-icon=\"&#x2b;\"\n\t\t \n\t\taria-hidden=\"true\"><\/span>\t\t\t\t\t\t\t<\/div>\n\t\t\t\t\t\t\t<div class=\"sow-accordion-close-button\">\n\t\t\t\t\t\t\t\t<span class=\"sow-icon-fontawesome sow-fas\" data-sow-icon=\"&#xf068;\"\n\t\t \n\t\taria-hidden=\"true\"><\/span>\t\t\t\t\t\t\t<\/div>\n\t\t\t\t\t\t<\/div>\n\t\t\t\t\t<\/div>\n\t\t\t\t<\/div>\n\n\t\t\t<div\n\t\t\t\tclass=\"sow-accordion-panel-content\"\n\t\t\t\trole=\"region\"\n\t\t\t\taria-labelledby=\"accordion-label-babysitting\"\n\t\t\t\tid=\"accordion-content-babysitting\"\n\t\t\t\tstyle=\"display: none;\"\t\t\t>\n\t\t\t\t<div class=\"sow-accordion-panel-border\">\n\t\t\t\t\t<ul>\n<li>Durante as provas de Orienta\u00e7\u00e3o Pedestre (Sprint e Floresta) estar\u00e1 dispon\u00edvel um servi\u00e7o de Babysitting.<\/li>\n<li>Quem desejar utilizar este servi\u00e7o deve selecionar a op\u00e7\u00e3o correspondente no momento da inscri\u00e7\u00e3o na plataforma OriOasis.<\/li>\n<\/ul>\n\t\t\t\t<\/div>\n\t\t\t<\/div>\n\t\t<\/div>\n\t\t\t<div class=\"sow-accordion-panel\n\t\t\t\t\t\"\n\t\t\t\tdata-anchor-id=\"solo-duro\">\n\t\t\t\t\t<div class=\"sow-accordion-panel-header-container\" role=\"heading\" aria-level=\"2\">\n\t\t\t\t\t<div class=\"sow-accordion-panel-header\" tabindex=\"0\" role=\"button\" id=\"accordion-label-solo-duro\" aria-controls=\"accordion-content-solo-duro\" aria-expanded=\"false\">\n\t\t\t\t\t\t<div class=\"sow-accordion-title sow-accordion-title-icon-left\">\n\t\t\t\t\t\t\t\t\t\t\t\t\t\tSolo Duro\t\t\t\t\t\t\t\t\t\t\t\t\t<\/div>\n\t\t\t\t\t\t<div class=\"sow-accordion-open-close-button\">\n\t\t\t\t\t\t\t<div class=\"sow-accordion-open-button\">\n\t\t\t\t\t\t\t\t<span class=\"sow-icon-fontawesome sow-fas\" data-sow-icon=\"&#x2b;\"\n\t\t \n\t\taria-hidden=\"true\"><\/span>\t\t\t\t\t\t\t<\/div>\n\t\t\t\t\t\t\t<div class=\"sow-accordion-close-button\">\n\t\t\t\t\t\t\t\t<span class=\"sow-icon-fontawesome sow-fas\" data-sow-icon=\"&#xf068;\"\n\t\t \n\t\taria-hidden=\"true\"><\/span>\t\t\t\t\t\t\t<\/div>\n\t\t\t\t\t\t<\/div>\n\t\t\t\t\t<\/div>\n\t\t\t\t<\/div>\n\n\t\t\t<div\n\t\t\t\tclass=\"sow-accordion-panel-content\"\n\t\t\t\trole=\"region\"\n\t\t\t\taria-labelledby=\"accordion-label-solo-duro\"\n\t\t\t\tid=\"accordion-content-solo-duro\"\n\t\t\t\tstyle=\"display: none;\"\t\t\t>\n\t\t\t\t<div class=\"sow-accordion-panel-border\">\n\t\t\t\t\t<ul>\n<li>A organiza\u00e7\u00e3o disponibilizar\u00e1 alojamento gratuito em regime de solo duro no <strong><a href=\"https:\/\/maps.app.goo.gl\/ZY6AUrMNTm9ox2Xk6\" target=\"_blank\" rel=\"noopener\">Pavilh\u00e3o Municipal de Mira<\/a>.<\/strong><\/li>\n<li>Por favor, n\u00e3o utilize cal\u00e7ado de Orienta\u00e7\u00e3o dentro do pavilh\u00e3o.<\/li>\n<li>Utilize apenas a zona assinalada para confeccionar refei\u00e7\u00f5es.<\/li>\n<\/ul>\n\t\t\t\t<\/div>\n\t\t\t<\/div>\n\t\t<\/div>\n\t\t\t<div class=\"sow-accordion-panel\n\t\t\t\t\t\"\n\t\t\t\tdata-anchor-id=\"evento-modelo\">\n\t\t\t\t\t<div class=\"sow-accordion-panel-header-container\" role=\"heading\" aria-level=\"2\">\n\t\t\t\t\t<div class=\"sow-accordion-panel-header\" tabindex=\"0\" role=\"button\" id=\"accordion-label-evento-modelo\" aria-controls=\"accordion-content-evento-modelo\" aria-expanded=\"false\">\n\t\t\t\t\t\t<div class=\"sow-accordion-title sow-accordion-title-icon-left\">\n\t\t\t\t\t\t\t\t\t\t\t\t\t\tEvento Modelo\t\t\t\t\t\t\t\t\t\t\t\t\t<\/div>\n\t\t\t\t\t\t<div class=\"sow-accordion-open-close-button\">\n\t\t\t\t\t\t\t<div class=\"sow-accordion-open-button\">\n\t\t\t\t\t\t\t\t<span class=\"sow-icon-fontawesome sow-fas\" data-sow-icon=\"&#x2b;\"\n\t\t \n\t\taria-hidden=\"true\"><\/span>\t\t\t\t\t\t\t<\/div>\n\t\t\t\t\t\t\t<div class=\"sow-accordion-close-button\">\n\t\t\t\t\t\t\t\t<span class=\"sow-icon-fontawesome sow-fas\" data-sow-icon=\"&#xf068;\"\n\t\t \n\t\taria-hidden=\"true\"><\/span>\t\t\t\t\t\t\t<\/div>\n\t\t\t\t\t\t<\/div>\n\t\t\t\t\t<\/div>\n\t\t\t\t<\/div>\n\n\t\t\t<div\n\t\t\t\tclass=\"sow-accordion-panel-content\"\n\t\t\t\trole=\"region\"\n\t\t\t\taria-labelledby=\"accordion-label-evento-modelo\"\n\t\t\t\tid=\"accordion-content-evento-modelo\"\n\t\t\t\tstyle=\"display: none;\"\t\t\t>\n\t\t\t\t<div class=\"sow-accordion-panel-border\">\n\t\t\t\t\t<div id=\"pl-w707901c9\"  class=\"panel-layout\" ><div id=\"pg-w707901c9-0\"  class=\"panel-grid panel-has-style\" ><div class=\"panel-row-style panel-row-style-for-w707901c9-0\" ><div id=\"pgc-w707901c9-0-0\"  class=\"panel-grid-cell\" ><div class=\"panel-cell-style panel-cell-style-for-w707901c9-0-0\" ><div id=\"panel-w707901c9-0-0-0\" class=\"so-panel widget widget_sow-editor panel-first-child panel-last-child\" data-index=\"0\" ><div class=\"panel-widget-style panel-widget-style-for-w707901c9-0-0-0\" ><div\n\t\t\t\n\t\t\tclass=\"so-widget-sow-editor so-widget-sow-editor-base\"\n\t\t\t\n\t\t>\n<div class=\"siteorigin-widget-tinymce textwidget\">\n\t<ul>\n<li>Estar\u00e1 dispon\u00edvel um mapa oficial de Model Event (Evento Modelo).<\/li>\n<li>A informa\u00e7\u00e3o t\u00e9cnica deste mapa \u00e9 id\u00eantica \u00e0 das restantes etapas de floresta.<\/li>\n<li>O mapa do Model Event tem um custo de 6,00 \u20ac.<\/li>\n<li>Ser\u00e1 impresso em folha frente e verso, com escalas 1:7 500, 1:10 000 e 1:15 000.<\/li>\n<li>Os mapas do Model Event devem ser levantados no Centro de Evento, no <a href=\"https:\/\/maps.app.goo.gl\/2atiTDTWXWmJ9oEe8\" target=\"_blank\" rel=\"noopener\">Museu dos Palheiros de Mira \u2013 Praia de Mira<\/a>.<\/li>\n<li>Quem pretender treinar na regi\u00e3o de Mira pode contactar o nosso parceiro oficial, <a href=\"https:\/\/www.o-portugal.pt\/\" target=\"_blank\" rel=\"noopener\">O-Portugal<\/a>. \u00c9 poss\u00edvel adquirir mapas de treino antecipadamente ou no Centro de Evento do POM 2026 (sujeito a disponibilidade).<\/li>\n<\/ul>\n<\/div>\n<\/div><\/div><\/div><\/div><\/div><div id=\"pgc-w707901c9-0-1\"  class=\"panel-grid-cell\" ><div id=\"panel-w707901c9-0-1-0\" class=\"so-panel widget widget_sow-image panel-first-child panel-last-child\" data-index=\"1\" ><div class=\"panel-widget-style panel-widget-style-for-w707901c9-0-1-0\" ><div\n\t\t\t\n\t\t\tclass=\"so-widget-sow-image so-widget-sow-image-default-c67d20f9f743\"\n\t\t\t\n\t\t><\/div><\/div><\/div><\/div><\/div><\/div><\/div>\t\t\t\t<\/div>\n\t\t\t<\/div>\n\t\t<\/div>\n\t\t\t<div class=\"sow-accordion-panel\n\t\t\t\t\t\"\n\t\t\t\tdata-anchor-id=\"peitoral-pom-2026\">\n\t\t\t\t\t<div class=\"sow-accordion-panel-header-container\" role=\"heading\" aria-level=\"2\">\n\t\t\t\t\t<div class=\"sow-accordion-panel-header\" tabindex=\"0\" role=\"button\" id=\"accordion-label-peitoral-pom-2026\" aria-controls=\"accordion-content-peitoral-pom-2026\" aria-expanded=\"false\">\n\t\t\t\t\t\t<div class=\"sow-accordion-title sow-accordion-title-icon-left\">\n\t\t\t\t\t\t\t\t\t\t\t\t\t\tPeitoral POM 2026\t\t\t\t\t\t\t\t\t\t\t\t\t<\/div>\n\t\t\t\t\t\t<div class=\"sow-accordion-open-close-button\">\n\t\t\t\t\t\t\t<div class=\"sow-accordion-open-button\">\n\t\t\t\t\t\t\t\t<span class=\"sow-icon-fontawesome sow-fas\" data-sow-icon=\"&#x2b;\"\n\t\t \n\t\taria-hidden=\"true\"><\/span>\t\t\t\t\t\t\t<\/div>\n\t\t\t\t\t\t\t<div class=\"sow-accordion-close-button\">\n\t\t\t\t\t\t\t\t<span class=\"sow-icon-fontawesome sow-fas\" data-sow-icon=\"&#xf068;\"\n\t\t \n\t\taria-hidden=\"true\"><\/span>\t\t\t\t\t\t\t<\/div>\n\t\t\t\t\t\t<\/div>\n\t\t\t\t\t<\/div>\n\t\t\t\t<\/div>\n\n\t\t\t<div\n\t\t\t\tclass=\"sow-accordion-panel-content\"\n\t\t\t\trole=\"region\"\n\t\t\t\taria-labelledby=\"accordion-label-peitoral-pom-2026\"\n\t\t\t\tid=\"accordion-content-peitoral-pom-2026\"\n\t\t\t\tstyle=\"display: none;\"\t\t\t>\n\t\t\t\t<div class=\"sow-accordion-panel-border\">\n\t\t\t\t\t<ul>\n<li>Todos os atletas devem usar o peitoral oficial do POM 2026, fornecido pela organiza\u00e7\u00e3o.<\/li>\n<li>Os peitorais estar\u00e3o dispon\u00edveis no Secretariado do evento.<\/li>\n<li>S\u00f3 atletas com o peitoral oficial corretamente colocado poder\u00e3o iniciar as etapas.<\/li>\n<li>Os atletas de Elite que compitam nas etapas de Sprint ter\u00e3o dois dorsais: um para as provas de Sprint e outro para as etapas de floresta.<\/li>\n<\/ul>\n\t\t\t\t<\/div>\n\t\t\t<\/div>\n\t\t<\/div>\n\t\t\t<div class=\"sow-accordion-panel\n\t\t\t\t\t\"\n\t\t\t\tdata-anchor-id=\"gps-tracking-escaloes-de-elite\">\n\t\t\t\t\t<div class=\"sow-accordion-panel-header-container\" role=\"heading\" aria-level=\"2\">\n\t\t\t\t\t<div class=\"sow-accordion-panel-header\" tabindex=\"0\" role=\"button\" id=\"accordion-label-gps-tracking-escal%c3%b5es-de-elite\" aria-controls=\"accordion-content-gps-tracking-escal%c3%b5es-de-elite\" aria-expanded=\"false\">\n\t\t\t\t\t\t<div class=\"sow-accordion-title sow-accordion-title-icon-left\">\n\t\t\t\t\t\t\t\t\t\t\t\t\t\tGPS Tracking &#8211; Escal\u00f5es de Elite\t\t\t\t\t\t\t\t\t\t\t\t\t<\/div>\n\t\t\t\t\t\t<div class=\"sow-accordion-open-close-button\">\n\t\t\t\t\t\t\t<div class=\"sow-accordion-open-button\">\n\t\t\t\t\t\t\t\t<span class=\"sow-icon-fontawesome sow-fas\" data-sow-icon=\"&#x2b;\"\n\t\t \n\t\taria-hidden=\"true\"><\/span>\t\t\t\t\t\t\t<\/div>\n\t\t\t\t\t\t\t<div class=\"sow-accordion-close-button\">\n\t\t\t\t\t\t\t\t<span class=\"sow-icon-fontawesome sow-fas\" data-sow-icon=\"&#xf068;\"\n\t\t \n\t\taria-hidden=\"true\"><\/span>\t\t\t\t\t\t\t<\/div>\n\t\t\t\t\t\t<\/div>\n\t\t\t\t\t<\/div>\n\t\t\t\t<\/div>\n\n\t\t\t<div\n\t\t\t\tclass=\"sow-accordion-panel-content\"\n\t\t\t\trole=\"region\"\n\t\t\t\taria-labelledby=\"accordion-label-gps-tracking-escal%c3%b5es-de-elite\"\n\t\t\t\tid=\"accordion-content-gps-tracking-escal%c3%b5es-de-elite\"\n\t\t\t\tstyle=\"display: none;\"\t\t\t>\n\t\t\t\t<div class=\"sow-accordion-panel-border\">\n\t\t\t\t\t<ul>\n<li>Haver\u00e1 GPS Tracking, fornecido pela Loggator, para os escal\u00f5es de Elite 1.<\/li>\n<li>A lista de atletas que ir\u00e3o utilizar os dispositivos GPS ser\u00e1 divulgada nos dias anteriores ao evento.<\/li>\n<\/ul>\n\t\t\t\t<\/div>\n\t\t\t<\/div>\n\t\t<\/div>\n\t\t\t<div class=\"sow-accordion-panel\n\t\t\t\t\t\"\n\t\t\t\tdata-anchor-id=\"sistema-de-picagem-de-controlos\">\n\t\t\t\t\t<div class=\"sow-accordion-panel-header-container\" role=\"heading\" aria-level=\"2\">\n\t\t\t\t\t<div class=\"sow-accordion-panel-header\" tabindex=\"0\" role=\"button\" id=\"accordion-label-sistema-de-picagem-de-controlos\" aria-controls=\"accordion-content-sistema-de-picagem-de-controlos\" aria-expanded=\"false\">\n\t\t\t\t\t\t<div class=\"sow-accordion-title sow-accordion-title-icon-left\">\n\t\t\t\t\t\t\t\t\t\t\t\t\t\tSistema de Picagem de Controlos\t\t\t\t\t\t\t\t\t\t\t\t\t<\/div>\n\t\t\t\t\t\t<div class=\"sow-accordion-open-close-button\">\n\t\t\t\t\t\t\t<div class=\"sow-accordion-open-button\">\n\t\t\t\t\t\t\t\t<span class=\"sow-icon-fontawesome sow-fas\" data-sow-icon=\"&#x2b;\"\n\t\t \n\t\taria-hidden=\"true\"><\/span>\t\t\t\t\t\t\t<\/div>\n\t\t\t\t\t\t\t<div class=\"sow-accordion-close-button\">\n\t\t\t\t\t\t\t\t<span class=\"sow-icon-fontawesome sow-fas\" data-sow-icon=\"&#xf068;\"\n\t\t \n\t\taria-hidden=\"true\"><\/span>\t\t\t\t\t\t\t<\/div>\n\t\t\t\t\t\t<\/div>\n\t\t\t\t\t<\/div>\n\t\t\t\t<\/div>\n\n\t\t\t<div\n\t\t\t\tclass=\"sow-accordion-panel-content\"\n\t\t\t\trole=\"region\"\n\t\t\t\taria-labelledby=\"accordion-label-sistema-de-picagem-de-controlos\"\n\t\t\t\tid=\"accordion-content-sistema-de-picagem-de-controlos\"\n\t\t\t\tstyle=\"display: none;\"\t\t\t>\n\t\t\t\t<div class=\"sow-accordion-panel-border\">\n\t\t\t\t\t<h4>Sistema SPORTident<\/h4>\n<ul>\n<li>O sistema SPORTident ser\u00e1 utilizado para cronometragem e registo de tempos.<\/li>\n<\/ul>\n<h4>Aluguer de Cart\u00e3o SPORTident (SI)<\/h4>\n<ul>\n<li>O aluguer de um cart\u00e3o SI tem o custo de 2\u20ac por etapa.<\/li>\n<li>Os cart\u00f5es SI alugados devem ser devolvidos \u00e0 organiza\u00e7\u00e3o ap\u00f3s o \u00faltimo dia de utiliza\u00e7\u00e3o.<\/li>\n<li>A n\u00e3o devolu\u00e7\u00e3o ou perda de um cart\u00e3o SI alugado implicar\u00e1 uma taxa de 50\u20ac.<\/li>\n<\/ul>\n<h4>Altera\u00e7\u00e3o de n\u00famero de cart\u00e3o SPORTident<\/h4>\n<ul>\n<li>Quaisquer altera\u00e7\u00f5es ao n\u00famero do cart\u00e3o SI devem ser realizadas no Secretariado do Evento, antes do in\u00edcio das etapas.<\/li>\n<li>Atletas n\u00e3o podem iniciar a prova se as altera\u00e7\u00f5es n\u00e3o tiverem sido previamente validadas pelo Secretariado.<\/li>\n<\/ul>\n\t\t\t\t<\/div>\n\t\t\t<\/div>\n\t\t<\/div>\n\t\t\t<div class=\"sow-accordion-panel\n\t\t\t\t\t\"\n\t\t\t\tdata-anchor-id=\"tempos-de-partida\">\n\t\t\t\t\t<div class=\"sow-accordion-panel-header-container\" role=\"heading\" aria-level=\"2\">\n\t\t\t\t\t<div class=\"sow-accordion-panel-header\" tabindex=\"0\" role=\"button\" id=\"accordion-label-tempos-de-partida\" aria-controls=\"accordion-content-tempos-de-partida\" aria-expanded=\"false\">\n\t\t\t\t\t\t<div class=\"sow-accordion-title sow-accordion-title-icon-left\">\n\t\t\t\t\t\t\t\t\t\t\t\t\t\tTempos de Partida\t\t\t\t\t\t\t\t\t\t\t\t\t<\/div>\n\t\t\t\t\t\t<div class=\"sow-accordion-open-close-button\">\n\t\t\t\t\t\t\t<div class=\"sow-accordion-open-button\">\n\t\t\t\t\t\t\t\t<span class=\"sow-icon-fontawesome sow-fas\" data-sow-icon=\"&#x2b;\"\n\t\t \n\t\taria-hidden=\"true\"><\/span>\t\t\t\t\t\t\t<\/div>\n\t\t\t\t\t\t\t<div class=\"sow-accordion-close-button\">\n\t\t\t\t\t\t\t\t<span class=\"sow-icon-fontawesome sow-fas\" data-sow-icon=\"&#xf068;\"\n\t\t \n\t\taria-hidden=\"true\"><\/span>\t\t\t\t\t\t\t<\/div>\n\t\t\t\t\t\t<\/div>\n\t\t\t\t\t<\/div>\n\t\t\t\t<\/div>\n\n\t\t\t<div\n\t\t\t\tclass=\"sow-accordion-panel-content\"\n\t\t\t\trole=\"region\"\n\t\t\t\taria-labelledby=\"accordion-label-tempos-de-partida\"\n\t\t\t\tid=\"accordion-content-tempos-de-partida\"\n\t\t\t\tstyle=\"display: none;\"\t\t\t>\n\t\t\t\t<div class=\"sow-accordion-panel-border\">\n\t\t\t\t\t<ul>\n<li>N\u00e3o ser\u00e3o permitidas altera\u00e7\u00f5es aos tempos de partida nos dias do evento.<\/li>\n<li>Se tiver algum constrangimento relacionado com os tempos de partida (por exemplo, necessidade de partida tardia no primeiro dia ou antecipada no \u00faltimo dia), por favor, indique essa informa\u00e7\u00e3o durante o processo de inscri\u00e7\u00e3o na plataforma <a href=\"https:\/\/www.orioasis.pt\/oasis\/events.php?action=event_view_info&amp;eventid=3091\" target=\"_blank\" rel=\"noopener\">OriOasis<\/a>.<\/li>\n<li>Os Escal\u00f5es Open e de Forma\u00e7\u00e3o (T10 e W\/M12) n\u00e3o ter\u00e3o tempo fixos de partida; poder\u00e3o iniciar dentro de uma janela de tempo pr\u00e9-definida, utilizando a box &#8220;START&#8221;.<\/li>\n<\/ul>\n\t\t\t\t<\/div>\n\t\t\t<\/div>\n\t\t<\/div>\n\t\t\t<div class=\"sow-accordion-panel\n\t\t\t\t\t\"\n\t\t\t\tdata-anchor-id=\"limite-de-tempo-por-etapa\">\n\t\t\t\t\t<div class=\"sow-accordion-panel-header-container\" role=\"heading\" aria-level=\"2\">\n\t\t\t\t\t<div class=\"sow-accordion-panel-header\" tabindex=\"0\" role=\"button\" id=\"accordion-label-limite-de-tempo-por-etapa\" aria-controls=\"accordion-content-limite-de-tempo-por-etapa\" aria-expanded=\"false\">\n\t\t\t\t\t\t<div class=\"sow-accordion-title sow-accordion-title-icon-left\">\n\t\t\t\t\t\t\t\t\t\t\t\t\t\tLimite de tempo por etapa\t\t\t\t\t\t\t\t\t\t\t\t\t<\/div>\n\t\t\t\t\t\t<div class=\"sow-accordion-open-close-button\">\n\t\t\t\t\t\t\t<div class=\"sow-accordion-open-button\">\n\t\t\t\t\t\t\t\t<span class=\"sow-icon-fontawesome sow-fas\" data-sow-icon=\"&#x2b;\"\n\t\t \n\t\taria-hidden=\"true\"><\/span>\t\t\t\t\t\t\t<\/div>\n\t\t\t\t\t\t\t<div class=\"sow-accordion-close-button\">\n\t\t\t\t\t\t\t\t<span class=\"sow-icon-fontawesome sow-fas\" data-sow-icon=\"&#xf068;\"\n\t\t \n\t\taria-hidden=\"true\"><\/span>\t\t\t\t\t\t\t<\/div>\n\t\t\t\t\t\t<\/div>\n\t\t\t\t\t<\/div>\n\t\t\t\t<\/div>\n\n\t\t\t<div\n\t\t\t\tclass=\"sow-accordion-panel-content\"\n\t\t\t\trole=\"region\"\n\t\t\t\taria-labelledby=\"accordion-label-limite-de-tempo-por-etapa\"\n\t\t\t\tid=\"accordion-content-limite-de-tempo-por-etapa\"\n\t\t\t\tstyle=\"display: none;\"\t\t\t>\n\t\t\t\t<div class=\"sow-accordion-panel-border\">\n\t\t\t\t\t<ul>\n<li>Etapas de Dist\u00e2ncia Longa: Limite de tempo de 3 horas.<\/li>\n<li>Etapas de Dist\u00e2ncia M\u00e9dia: Limite de tempo de 2 horas.<\/li>\n<li>Etapas de sprint: Limite de tempo de 1 hora.<\/li>\n<li>Etapa de PreO Sprint: O limite de tempo ser\u00e1 indicado nas informa\u00e7\u00f5es t\u00e9cnicas espec\u00edficas do PreO.<\/li>\n<\/ul>\n\t\t\t\t<\/div>\n\t\t\t<\/div>\n\t\t<\/div>\n\t\t\t<div class=\"sow-accordion-panel\n\t\t\t\t\t\"\n\t\t\t\tdata-anchor-id=\"fair-play\">\n\t\t\t\t\t<div class=\"sow-accordion-panel-header-container\" role=\"heading\" aria-level=\"2\">\n\t\t\t\t\t<div class=\"sow-accordion-panel-header\" tabindex=\"0\" role=\"button\" id=\"accordion-label-fair-play\" aria-controls=\"accordion-content-fair-play\" aria-expanded=\"false\">\n\t\t\t\t\t\t<div class=\"sow-accordion-title sow-accordion-title-icon-left\">\n\t\t\t\t\t\t\t\t\t\t\t\t\t\tFair Play\t\t\t\t\t\t\t\t\t\t\t\t\t<\/div>\n\t\t\t\t\t\t<div class=\"sow-accordion-open-close-button\">\n\t\t\t\t\t\t\t<div class=\"sow-accordion-open-button\">\n\t\t\t\t\t\t\t\t<span class=\"sow-icon-fontawesome sow-fas\" data-sow-icon=\"&#x2b;\"\n\t\t \n\t\taria-hidden=\"true\"><\/span>\t\t\t\t\t\t\t<\/div>\n\t\t\t\t\t\t\t<div class=\"sow-accordion-close-button\">\n\t\t\t\t\t\t\t\t<span class=\"sow-icon-fontawesome sow-fas\" data-sow-icon=\"&#xf068;\"\n\t\t \n\t\taria-hidden=\"true\"><\/span>\t\t\t\t\t\t\t<\/div>\n\t\t\t\t\t\t<\/div>\n\t\t\t\t\t<\/div>\n\t\t\t\t<\/div>\n\n\t\t\t<div\n\t\t\t\tclass=\"sow-accordion-panel-content\"\n\t\t\t\trole=\"region\"\n\t\t\t\taria-labelledby=\"accordion-label-fair-play\"\n\t\t\t\tid=\"accordion-content-fair-play\"\n\t\t\t\tstyle=\"display: none;\"\t\t\t>\n\t\t\t\t<div class=\"sow-accordion-panel-border\">\n\t\t\t\t\t<ul>\n<li>No final de cada percurso, os atletas podem ficar com os seus mapas. Pede-se a todos que respeitem os princ\u00edpios de fair play: n\u00e3o mostrar o mapa a quem ainda n\u00e3o partiu e n\u00e3o revelar informa\u00e7\u00f5es que possam ajudar outros atletas.<\/li>\n<li>Se um atleta alcan\u00e7ar outro durante a prova, n\u00e3o deve haver qualquer comunica\u00e7\u00e3o. Cada um deve completar o seu percurso de forma aut\u00f3noma.<\/li>\n<li>Na quarentena da prova de Sprint WRE (escal\u00f5es de Elite), \u00e9 proibida a utiliza\u00e7\u00e3o de telem\u00f3veis ou outros dispositivos eletr\u00f3nicos que permitam comunica\u00e7\u00e3o com o exterior.<\/li>\n<\/ul>\n\t\t\t\t<\/div>\n\t\t\t<\/div>\n\t\t<\/div>\n\t\t\t<div class=\"sow-accordion-panel\n\t\t\t\t\t\"\n\t\t\t\tdata-anchor-id=\"seguro-desportivo\">\n\t\t\t\t\t<div class=\"sow-accordion-panel-header-container\" role=\"heading\" aria-level=\"2\">\n\t\t\t\t\t<div class=\"sow-accordion-panel-header\" tabindex=\"0\" role=\"button\" id=\"accordion-label-seguro-desportivo\" aria-controls=\"accordion-content-seguro-desportivo\" aria-expanded=\"false\">\n\t\t\t\t\t\t<div class=\"sow-accordion-title sow-accordion-title-icon-left\">\n\t\t\t\t\t\t\t\t\t\t\t\t\t\tSeguro Desportivo\t\t\t\t\t\t\t\t\t\t\t\t\t<\/div>\n\t\t\t\t\t\t<div class=\"sow-accordion-open-close-button\">\n\t\t\t\t\t\t\t<div class=\"sow-accordion-open-button\">\n\t\t\t\t\t\t\t\t<span class=\"sow-icon-fontawesome sow-fas\" data-sow-icon=\"&#x2b;\"\n\t\t \n\t\taria-hidden=\"true\"><\/span>\t\t\t\t\t\t\t<\/div>\n\t\t\t\t\t\t\t<div class=\"sow-accordion-close-button\">\n\t\t\t\t\t\t\t\t<span class=\"sow-icon-fontawesome sow-fas\" data-sow-icon=\"&#xf068;\"\n\t\t \n\t\taria-hidden=\"true\"><\/span>\t\t\t\t\t\t\t<\/div>\n\t\t\t\t\t\t<\/div>\n\t\t\t\t\t<\/div>\n\t\t\t\t<\/div>\n\n\t\t\t<div\n\t\t\t\tclass=\"sow-accordion-panel-content\"\n\t\t\t\trole=\"region\"\n\t\t\t\taria-labelledby=\"accordion-label-seguro-desportivo\"\n\t\t\t\tid=\"accordion-content-seguro-desportivo\"\n\t\t\t\tstyle=\"display: none;\"\t\t\t>\n\t\t\t\t<div class=\"sow-accordion-panel-border\">\n\t\t\t\t\t<p>De acordo com a legisla\u00e7\u00e3o em vigor, todos os participantes devem possuir seguro desportivo. Assim, todos estar\u00e3o cobertos pela ap\u00f3lice de seguro da Federa\u00e7\u00e3o Portuguesa de Orienta\u00e7\u00e3o (FPO), nos seguintes termos:<\/p>\n<ul>\n<li>Atletas federados na FPO: Cobertura pelo seguro desportivo da FPO.<\/li>\n<li>Restantes participantes:\n<ul>\n<li>Escal\u00f5es Open e de Forma\u00e7\u00e3o: seguro gratuito<\/li>\n<li>Escal\u00f5es de Competi\u00e7\u00e3o: 2\u20ac por etapa (inclu\u00eddo na taxa de inscri\u00e7\u00e3o)\n<ul>\n<li>Os participantes dever\u00e3o fornecer o seu n\u00famero de passaporte (preferencialmente) ou n\u00famero de identifica\u00e7\u00e3o nacional no processo de inscri\u00e7\u00e3o na plataforma\u00a0 <a href=\"https:\/\/www.orioasis.pt\/oasis\/events.php?action=event_view_info&amp;eventid=3091\" target=\"_blank\" rel=\"noopener\">OriOasis<\/a>. <strong>Os cidad\u00e3os portugueses devem fornecer tamb\u00e9m o N\u00famero de Identifica\u00e7\u00e3o Fiscal (NIF)<\/strong>.<\/li>\n<\/ul>\n<\/li>\n<\/ul>\n<\/li>\n<li>O seguro da FPO e as condi\u00e7\u00f5es da ap\u00f3lice est\u00e3o fora do \u00e2mbito de responsabilidade dos organizadores do POM 2026. Para informa\u00e7\u00f5es detalhadas sobre as condi\u00e7\u00f5es do seguro, entre em contacto com a FPO ou consulte a respetiva documenta\u00e7\u00e3o.<\/li>\n<\/ul>\n<p>Os Atletas federados na FEDO t\u00eam cobertura pelo seguro desportivo da FEDO.<\/p>\n\t\t\t\t<\/div>\n\t\t\t<\/div>\n\t\t<\/div>\n\t\t\t<div class=\"sow-accordion-panel\n\t\t\t\t\t\"\n\t\t\t\tdata-anchor-id=\"indicacoes-de-transito\">\n\t\t\t\t\t<div class=\"sow-accordion-panel-header-container\" role=\"heading\" aria-level=\"2\">\n\t\t\t\t\t<div class=\"sow-accordion-panel-header\" tabindex=\"0\" role=\"button\" id=\"accordion-label-indica%c3%a7%c3%b5es-de-tr%c3%a2nsito\" aria-controls=\"accordion-content-indica%c3%a7%c3%b5es-de-tr%c3%a2nsito\" aria-expanded=\"false\">\n\t\t\t\t\t\t<div class=\"sow-accordion-title sow-accordion-title-icon-left\">\n\t\t\t\t\t\t\t\t\t\t\t\t\t\tIndica\u00e7\u00f5es de Tr\u00e2nsito\t\t\t\t\t\t\t\t\t\t\t\t\t<\/div>\n\t\t\t\t\t\t<div class=\"sow-accordion-open-close-button\">\n\t\t\t\t\t\t\t<div class=\"sow-accordion-open-button\">\n\t\t\t\t\t\t\t\t<span class=\"sow-icon-fontawesome sow-fas\" data-sow-icon=\"&#x2b;\"\n\t\t \n\t\taria-hidden=\"true\"><\/span>\t\t\t\t\t\t\t<\/div>\n\t\t\t\t\t\t\t<div class=\"sow-accordion-close-button\">\n\t\t\t\t\t\t\t\t<span class=\"sow-icon-fontawesome sow-fas\" data-sow-icon=\"&#xf068;\"\n\t\t \n\t\taria-hidden=\"true\"><\/span>\t\t\t\t\t\t\t<\/div>\n\t\t\t\t\t\t<\/div>\n\t\t\t\t\t<\/div>\n\t\t\t\t<\/div>\n\n\t\t\t<div\n\t\t\t\tclass=\"sow-accordion-panel-content\"\n\t\t\t\trole=\"region\"\n\t\t\t\taria-labelledby=\"accordion-label-indica%c3%a7%c3%b5es-de-tr%c3%a2nsito\"\n\t\t\t\tid=\"accordion-content-indica%c3%a7%c3%b5es-de-tr%c3%a2nsito\"\n\t\t\t\tstyle=\"display: none;\"\t\t\t>\n\t\t\t\t<div class=\"sow-accordion-panel-border\">\n\t\t\t\t\t<ul>\n<li data-start=\"79\" data-end=\"211\">\n<p data-start=\"81\" data-end=\"211\"><strong data-start=\"81\" data-end=\"131\">A organiza\u00e7\u00e3o fornecer\u00e1 indica\u00e7\u00f5es de tr\u00e2nsito<\/strong>, tanto no site do evento como no terreno, atrav\u00e9s de setas laranja e brancas.<\/p>\n<\/li>\n<li data-start=\"212\" data-end=\"334\">\n<p data-start=\"214\" data-end=\"334\"><strong data-start=\"214\" data-end=\"289\">Pede-se a todos os participantes que sigam e respeitem estas indica\u00e7\u00f5es<\/strong>, tanto no tr\u00e2nsito como no estacionamento.<\/p>\n<\/li>\n<li data-start=\"335\" data-end=\"540\">\n<p data-start=\"337\" data-end=\"540\"><strong data-start=\"337\" data-end=\"452\">Durante o Sprint WRE (sexta-feira), \u00e9 estritamente proibido estacionar dentro da malha urbana da Praia de Mira.<\/strong> Utilize os parques indicados na p\u00e1gina <a href=\"https:\/\/pom.pt\/2026\/pt\/localizacoes\/\" target=\"_blank\" rel=\"noopener\">Localiza\u00e7\u00e3o<\/a> e siga as setas da organiza\u00e7\u00e3o.<\/p>\n<\/li>\n<li data-start=\"335\" data-end=\"540\">Para consultar todas as localiza\u00e7\u00f5es do evento, consulte a p\u00e1gina\u00a0<a href=\"https:\/\/pom.pt\/2026\/localizacoes\/\">Localiza\u00e7\u00e3o<\/a>.<\/li>\n<li data-start=\"541\" data-end=\"788\" data-is-last-node=\"\">\n<p data-start=\"543\" data-end=\"788\" data-is-last-node=\"\"><strong data-start=\"543\" data-end=\"612\">Nas etapas de floresta, o tr\u00e2nsito estar\u00e1 fortemente condicionado<\/strong>, incluindo os acessos \u00e0 Arena. <strong data-start=\"644\" data-end=\"690\" data-is-only-node=\"\">N\u00e3o utilize as indica\u00e7\u00f5es do GPS para chegar at\u00e9 \u00e0 Arena Mira Norte.<\/strong> Consulte o fluxo de tr\u00e2nsito obrigat\u00f3rio na p\u00e1gina <a href=\"https:\/\/pom.pt\/2026\/2026\/02\/03\/arena-mira-norte-estacionamento\/\">Arena Mira Norte &#8211; Estacionamento<\/a> e siga as setas da organiza\u00e7\u00e3o.<\/p>\n<\/li>\n<\/ul>\n\t\t\t\t<\/div>\n\t\t\t<\/div>\n\t\t<\/div>\n\t\t\t<div class=\"sow-accordion-panel\n\t\t\t\t\t\"\n\t\t\t\tdata-anchor-id=\"regras\">\n\t\t\t\t\t<div class=\"sow-accordion-panel-header-container\" role=\"heading\" aria-level=\"2\">\n\t\t\t\t\t<div class=\"sow-accordion-panel-header\" tabindex=\"0\" role=\"button\" id=\"accordion-label-regras\" aria-controls=\"accordion-content-regras\" aria-expanded=\"false\">\n\t\t\t\t\t\t<div class=\"sow-accordion-title sow-accordion-title-icon-left\">\n\t\t\t\t\t\t\t\t\t\t\t\t\t\tRegras\t\t\t\t\t\t\t\t\t\t\t\t\t<\/div>\n\t\t\t\t\t\t<div class=\"sow-accordion-open-close-button\">\n\t\t\t\t\t\t\t<div class=\"sow-accordion-open-button\">\n\t\t\t\t\t\t\t\t<span class=\"sow-icon-fontawesome sow-fas\" data-sow-icon=\"&#x2b;\"\n\t\t \n\t\taria-hidden=\"true\"><\/span>\t\t\t\t\t\t\t<\/div>\n\t\t\t\t\t\t\t<div class=\"sow-accordion-close-button\">\n\t\t\t\t\t\t\t\t<span class=\"sow-icon-fontawesome sow-fas\" data-sow-icon=\"&#xf068;\"\n\t\t \n\t\taria-hidden=\"true\"><\/span>\t\t\t\t\t\t\t<\/div>\n\t\t\t\t\t\t<\/div>\n\t\t\t\t\t<\/div>\n\t\t\t\t<\/div>\n\n\t\t\t<div\n\t\t\t\tclass=\"sow-accordion-panel-content\"\n\t\t\t\trole=\"region\"\n\t\t\t\taria-labelledby=\"accordion-label-regras\"\n\t\t\t\tid=\"accordion-content-regras\"\n\t\t\t\tstyle=\"display: none;\"\t\t\t>\n\t\t\t\t<div class=\"sow-accordion-panel-border\">\n\t\t\t\t\t<ul>\n<li>As etapas WRE do POM 2026 ser\u00e3o especificamente reguladas pelas regras de competi\u00e7\u00e3o da IOF v\u00e1lidas para eventos WRE.<\/li>\n<li>O POM 2026, de forma geral, ser\u00e1 regulamentado pelas regras de competi\u00e7\u00e3o da Federa\u00e7\u00e3o Portuguesa de Orienta\u00e7\u00e3o (FPO) em vigor para 2026.<\/li>\n<li>Em caso de situa\u00e7\u00f5es n\u00e3o previstas por estes regulamentos, ser\u00e3o aplicadas as regulamenta\u00e7\u00f5es da IOF.<\/li>\n<\/ul>\n\t\t\t\t<\/div>\n\t\t\t<\/div>\n\t\t<\/div>\n\t\t\t<div class=\"sow-accordion-panel\n\t\t\t\t\t\"\n\t\t\t\tdata-anchor-id=\"clima-de-fevereiro-em-mira\">\n\t\t\t\t\t<div class=\"sow-accordion-panel-header-container\" role=\"heading\" aria-level=\"2\">\n\t\t\t\t\t<div class=\"sow-accordion-panel-header\" tabindex=\"0\" role=\"button\" id=\"accordion-label-clima-de-fevereiro-em-mira\" aria-controls=\"accordion-content-clima-de-fevereiro-em-mira\" aria-expanded=\"false\">\n\t\t\t\t\t\t<div class=\"sow-accordion-title sow-accordion-title-icon-left\">\n\t\t\t\t\t\t\t\t\t\t\t\t\t\tClima de Fevereiro em Mira\t\t\t\t\t\t\t\t\t\t\t\t\t<\/div>\n\t\t\t\t\t\t<div class=\"sow-accordion-open-close-button\">\n\t\t\t\t\t\t\t<div class=\"sow-accordion-open-button\">\n\t\t\t\t\t\t\t\t<span class=\"sow-icon-fontawesome sow-fas\" data-sow-icon=\"&#x2b;\"\n\t\t \n\t\taria-hidden=\"true\"><\/span>\t\t\t\t\t\t\t<\/div>\n\t\t\t\t\t\t\t<div class=\"sow-accordion-close-button\">\n\t\t\t\t\t\t\t\t<span class=\"sow-icon-fontawesome sow-fas\" data-sow-icon=\"&#xf068;\"\n\t\t \n\t\taria-hidden=\"true\"><\/span>\t\t\t\t\t\t\t<\/div>\n\t\t\t\t\t\t<\/div>\n\t\t\t\t\t<\/div>\n\t\t\t\t<\/div>\n\n\t\t\t<div\n\t\t\t\tclass=\"sow-accordion-panel-content\"\n\t\t\t\trole=\"region\"\n\t\t\t\taria-labelledby=\"accordion-label-clima-de-fevereiro-em-mira\"\n\t\t\t\tid=\"accordion-content-clima-de-fevereiro-em-mira\"\n\t\t\t\tstyle=\"display: none;\"\t\t\t>\n\t\t\t\t<div class=\"sow-accordion-panel-border\">\n\t\t\t\t\t<ul>\n<li>Temperatura\n<ul>\n<li>M\u00e1xima: M\u00e9dia de 15\u00b0C<\/li>\n<li>Di\u00e1ria: M\u00e9dia de 10\u00baC<\/li>\n<li>M\u00ednima: M\u00e9dia de 6\u00baC<\/li>\n<\/ul>\n<\/li>\n<li>Precipita\u00e7\u00e3o\n<ul>\n<li>Chuva moderada, com uma m\u00e9dia de 82 mm acumulada ao longo do m\u00eas.<\/li>\n<li>Baseado nos \u00faltimos anos, espera-se chuva em cerca de 32% dos dias de fevereiro.<\/li>\n<\/ul>\n<\/li>\n<li>Luz Solar\n<ul>\n<li>Durante o POM 2026, o nascer do sol ser\u00e1 por volta das 7h30 e o p\u00f4r do sol \u00e0s 18h10.<\/li>\n<\/ul>\n<\/li>\n<\/ul>\n\t\t\t\t<\/div>\n\t\t\t<\/div>\n\t\t<\/div>\n\t\t<\/div>\n<\/div>\n<\/div><\/div><\/div><\/div><\/div><\/div>\n\n\n<p><\/p>\n","protected":false},"excerpt":{"rendered":"","protected":false},"author":17,"featured_media":0,"parent":0,"menu_order":0,"comment_status":"closed","ping_status":"closed","template":"","meta":{"_monsterinsights_skip_tracking":false,"_monsterinsights_sitenote_active":false,"_monsterinsights_sitenote_note":"","_monsterinsights_sitenote_category":0,"footnotes":""},"class_list":["post-2010","page","type-page","status-publish","hentry","post"],"_links":{"self":[{"href":"https:\/\/pom.pt\/2026\/wp-json\/wp\/v2\/pages\/2010","targetHints":{"allow":["GET"]}}],"collection":[{"href":"https:\/\/pom.pt\/2026\/wp-json\/wp\/v2\/pages"}],"about":[{"href":"https:\/\/pom.pt\/2026\/wp-json\/wp\/v2\/types\/page"}],"author":[{"embeddable":true,"href":"https:\/\/pom.pt\/2026\/wp-json\/wp\/v2\/users\/17"}],"replies":[{"embeddable":true,"href":"https:\/\/pom.pt\/2026\/wp-json\/wp\/v2\/comments?post=2010"}],"version-history":[{"count":32,"href":"https:\/\/pom.pt\/2026\/wp-json\/wp\/v2\/pages\/2010\/revisions"}],"predecessor-version":[{"id":3239,"href":"https:\/\/pom.pt\/2026\/wp-json\/wp\/v2\/pages\/2010\/revisions\/3239"}],"wp:attachment":[{"href":"https:\/\/pom.pt\/2026\/wp-json\/wp\/v2\/media?parent=2010"}],"curies":[{"name":"wp","href":"https:\/\/api.w.org\/{rel}","templated":true}]}}