{"id":578,"date":"2022-12-29T15:04:24","date_gmt":"2022-12-29T15:04:24","guid":{"rendered":"http:\/\/pom.pt\/2024\/?page_id=578"},"modified":"2024-02-03T00:03:51","modified_gmt":"2024-02-03T00:03:51","slug":"stage-5-night-sprint","status":"publish","type":"page","link":"https:\/\/pom.pt\/2024\/pt\/etapa-6-pre-o\/","title":{"rendered":"Etapa 6 &#8211; PreO"},"content":{"rendered":"<p><strong>Informa\u00e7\u00f5es T\u00e9cnicas: <a href=\"https:\/\/pom.pt\/2024\/pt\/etapa-1-sprint-relay\/\" target=\"_blank\" rel=\"noopener\">Etapa 1<\/a> | <a href=\"https:\/\/pom.pt\/2024\/pt\/etapa-1-distancia-media\/\" target=\"_blank\" rel=\"noopener\">Etapa 2<\/a> | <a href=\"https:\/\/pom.pt\/2024\/pt\/etapa-3-sprint-noturno\/\" target=\"_blank\" rel=\"noopener\">Etapa 3<\/a> | <a href=\"https:\/\/pom.pt\/2024\/pt\/etapa-4-distancia-longa\/\" target=\"_blank\" rel=\"noopener\">Etapa 4<\/a> | <a href=\"https:\/\/pom.pt\/2024\/pt\/etapa-5-distancia-media\/\" target=\"_blank\" rel=\"noopener\">Etapa 5<\/a> | <a href=\"https:\/\/pom.pt\/2024\/pt\/etapa-6-pre-o\/\" target=\"_blank\" rel=\"noopener\">Etapa 6<\/a> | <a href=\"https:\/\/pom.pt\/2024\/pt\/etapa-7-long-distance\/\" target=\"_blank\" rel=\"noopener\">Etapa 7<\/a><\/strong><\/p>\n<p>&nbsp;<\/p>\n<p><strong>Mapa:<\/strong> Termas da Fonte Santa, Almeida, dezembro de 2023<\/p>\n<p>&nbsp;<\/p>\n<p><strong>Terreno:\u00a0 <\/strong>Terreno com abundantes detalhes rochosos e alguma vegeta\u00e7\u00e3o que dificulta a leitura do terreno.<\/p>\n<p>&nbsp;<\/p>\n<p><strong>Cart\u00f3grafo:<\/strong>\u00a0Alexandre Reis<\/p>\n<p><strong>Diretor de Prova:<\/strong>\u00a0Rui Mora<\/p>\n<p><strong>Tra\u00e7ador de percurso:<\/strong>\u00a0Cl\u00e1udio Tereso<\/p>\n<p><strong>Supervisor FPO:\u00a0<\/strong>Alexandre Reis<\/p>\n<p><strong>Escala do mapa: <\/strong>1:3.000<\/p>\n<p><strong>Equidist\u00e2ncia:<\/strong>\u00a02,5m<\/p>\n<p>&nbsp;<\/p>\n<p><strong>Localiza\u00e7\u00e3o:<\/strong> Termas de Fonte Santa, a +- 30 Km da Arena de Amoreira e a 7 Km de Almeida.<\/p>\n<p><strong>\u00a0<\/strong><\/p>\n<p><strong>Estacionamento:<\/strong>\u00a0Nos locais indicados pela Organiza\u00e7\u00e3o junto \u00e0 \u00e1rea de competi\u00e7\u00e3o.<\/p>\n<p><strong>Informa\u00e7\u00f5es:<\/strong><\/p>\n<ul>\n<li>Instru\u00e7\u00f5es do Model Pre-O Sprint <a href=\"https:\/\/pom.pt\/archive\/2024\/MODEL_PREO_SPRINT_PT_EN.pdf\">aqui<\/a>.<\/li>\n<li>Prova de PreO SPRINT, disputada nas classes Aberta e Paral\u00edmpica<\/li>\n<li>Secretariado do Evento: no local da competi\u00e7\u00e3o<\/li>\n<li>Check-ins, entrega dos Cart\u00f5es e SI a partir das 13h00.<\/li>\n<li>Primeira Partida: 13h30.<\/li>\n<li>Partidas: minuto a minuto<\/li>\n<li>Cerim\u00f3nia de Entrega de Pr\u00e9mios: 17h30 no local da competi\u00e7\u00e3o<\/li>\n<li>Trof\u00e9us para os 3 primeiros classificados em cada Classe<\/li>\n<\/ul>\n<p>O sistema de controlo usado ser\u00e1 <strong>alicate<\/strong> com <strong>cart\u00e3o de controlo em papel<\/strong>. Os atletas poder\u00e3o usar o seu pr\u00f3prio alicate; em caso de n\u00e3o o terem, a organiza\u00e7\u00e3o disponibilizar\u00e1 um gratuitamente. Os cart\u00f5es usados s\u00f3 ter\u00e3o as respostas <strong>Alfa<\/strong> e <strong>Zero<\/strong>.<\/p>\n<p>Para evitar sobreposi\u00e7\u00e3o de pontos de controlo no mapa, o mapa ser\u00e1 duplicado com as c\u00f3pias apresentadas lado a lado. Os pontos pares ser\u00e3o representados numa c\u00f3pia e os \u00edmpares na outra.<\/p>\n<p>A prova foi desenhada para ser resolvida atrav\u00e9s do recurso a uma boa leitura de mapa, interpreta\u00e7\u00e3o do terreno e \u00e0 correta identifica\u00e7\u00e3o dos elementos.<\/p>\n<p>Deve privilegiar-se esse m\u00e9todo \u00e0 utiliza\u00e7\u00e3o de alinhamentos ou azimutes.<\/p>\n<p>Os atletas devem fazer-se acompanhar do <strong>SPORTIDENT<\/strong> que ser\u00e1 usado para registo do tempo de prova.<\/p>\n<p>Haver\u00e1 quarentena em local abrigado depois da prova at\u00e9 \u00e0 partida do \u00faltimo atleta.<\/p>\n<p><strong>Regras e Regulamentos:\u00a0 <\/strong><\/p>\n<p>A prova rege-se pelas regras definidas no documento <a href=\"https:\/\/orienteering.sport\/trailo\/competition-rules\/\"><strong>PreO sprint specifications 1.0 da IOF<\/strong><\/a> (tradu\u00e7\u00e3o <a href=\"https:\/\/uabpt-my.sharepoint.com\/:w:\/g\/personal\/803355_estudante_uab_pt\/EU6ghdo5qpFHj1Jr9Z_5k4kBiznoJ8QGCn3XxkQrHjnX0Q?e=ZWNuEe\">aqui<\/a>).<\/p>\n<p>Principais Diferen\u00e7as entre o o PreO e o Preo Sprint<br \/>\n\u2022 No Preo Sprint n\u00e3o h\u00e1 pontos cronometrados;<br \/>\n\u2022 No Preo Sprint o desempate \u00e9 feito pelo tempo de prova.<\/p>\n<p>O prazo para a apresenta\u00e7\u00e3o de reclama\u00e7\u00f5es \u00e9 de 15 minutos ap\u00f3s a publica\u00e7\u00e3o dos resultados.<\/p>\n<p><strong>Acompanhantes:\u00a0<\/strong><\/p>\n<p>Todos os atletas Paral\u00edmpicos poder\u00e3o fazer-se acompanhar por um elemento na ajuda \u00e0 progress\u00e3o, cumprindo as regras de fair play, n\u00e3o comunicando entre si.<\/p>\n<p><strong>\u00a0<\/strong><strong>Classifica\u00e7\u00e3o:<\/strong><\/p>\n<p><strong>\u00a0<\/strong>A prova vai ser disputada nos escal\u00f5es Open e Paral\u00edmpico (P).<\/p>\n<p>Conforme as especifica\u00e7\u00f5es da IOF, vai haver dois fatores de tempo no escal\u00e3o P:<\/p>\n<ul>\n<li>Atletas com cadeira de rodas manual: 0,7<\/li>\n<li>Atletas com cadeira de rodas el\u00e9tricas e outros: 0,85.<\/li>\n<\/ul>\n<p>Assim, apesar de competirem no mesmo escal\u00e3o, o tempo m\u00e1ximo para cada atleta ser\u00e1 dividido pelo fator respetivo (ver tabela abaixo).<\/p>\n<p>Para a classifica\u00e7\u00e3o, o tempo do atleta ser\u00e1 multiplicado pelo seu factor. Por exemplo:<\/p>\n<p>Atleta com cadeira de rodas manual e 30 min, fica com 30*0,7 \u00a0\u00a0\u00a0\u00a0\u00a0\u00a0\u00a0\u00a0\u00a0\u00a0\u00a0\u00a0\u00a0\u00a0\u00a0 = 21 min<\/p>\n<p>Atleta sem cadeira de rodas e 26 min, fica com 26*0,85\u00a0\u00a0\u00a0\u00a0\u00a0\u00a0\u00a0\u00a0\u00a0\u00a0\u00a0\u00a0\u00a0\u00a0\u00a0\u00a0\u00a0\u00a0\u00a0\u00a0\u00a0\u00a0\u00a0\u00a0\u00a0\u00a0\u00a0 = 22 min<\/p>\n<p><strong>Toler\u00e2ncia Zero:<\/strong><\/p>\n<p>A dist\u00e2ncia para uma baliza ser considerada uma resposta Zero \u00e9 de 4 metros. Ou seja, o atleta s\u00f3 deve responder Zero se a baliza no terreno estiver pelo menos a 4 metros do local correto.<\/p>\n<p><strong>Informa\u00e7\u00e3o do Percurso:<\/strong><\/p>\n<p>&nbsp;<\/p>\n<table style=\"width: 69.5763%;\" width=\"585\">\n<tbody>\n<tr>\n<td style=\"width: 18.4718%; text-align: center;\" width=\"94\"><strong>Classe<\/strong><\/td>\n<td style=\"width: 10.0029%; text-align: center;\" width=\"98\"><strong>Dist\u00e2ncia (m)<\/strong><\/td>\n<td style=\"width: 14.0678%; text-align: center;\" width=\"91\"><strong>Desn\u00edvel (m)<\/strong><\/td>\n<td style=\"width: 14.4068%; text-align: center;\" width=\"76\"><strong>Controlos<\/strong><\/td>\n<td style=\"width: 10.678%; text-align: center;\" width=\"66\"><strong>Escala<\/strong><\/td>\n<td style=\"width: 19.8305%; text-align: center;\" width=\"104\"><strong>Equidist\u00e2ncia<\/strong><\/td>\n<td style=\"width: 10.339%; text-align: center;\" width=\"57\"><strong>Tempo<\/strong><\/td>\n<\/tr>\n<tr>\n<td style=\"width: 18.4718%; text-align: center;\" width=\"94\">Aberto<\/td>\n<td style=\"width: 10.0029%; text-align: center;\" width=\"98\">240<\/td>\n<td style=\"width: 14.0678%; text-align: center;\" width=\"91\">2<\/td>\n<td style=\"width: 14.4068%; text-align: center;\" width=\"76\">21<\/td>\n<td style=\"width: 10.678%; text-align: center;\" width=\"66\">1:3.000<\/td>\n<td style=\"width: 19.8305%; text-align: center;\" width=\"104\">2,5 m<\/td>\n<td style=\"width: 10.339%; text-align: center;\" width=\"57\">29<\/td>\n<\/tr>\n<tr>\n<td style=\"width: 18.4718%; text-align: center;\" width=\"94\">P<\/td>\n<td style=\"width: 10.0029%; text-align: center;\" width=\"98\">240<\/td>\n<td style=\"width: 14.0678%; text-align: center;\" width=\"91\">2<\/td>\n<td style=\"width: 14.4068%; text-align: center;\" width=\"76\">21<\/td>\n<td style=\"width: 10.678%; text-align: center;\" width=\"66\">1:3.000<\/td>\n<td style=\"width: 19.8305%; text-align: center;\" width=\"104\">2,5 m<\/td>\n<td style=\"width: 10.339%; text-align: center;\" width=\"57\">34<\/td>\n<\/tr>\n<tr>\n<td style=\"width: 18.4718%; text-align: center;\" width=\"94\">P<br \/>\n(Cadeira de Rodas Manual)<\/td>\n<td style=\"width: 10.0029%; text-align: center;\" width=\"98\">240<\/td>\n<td style=\"width: 14.0678%; text-align: center;\" width=\"91\">2<\/td>\n<td style=\"width: 14.4068%; text-align: center;\" width=\"76\">21<\/td>\n<td style=\"width: 10.678%; text-align: center;\" width=\"66\">1:3.000<\/td>\n<td style=\"width: 19.8305%; text-align: center;\" width=\"104\">2,5 m<\/td>\n<td style=\"width: 10.339%; text-align: center;\" width=\"57\">41<\/td>\n<\/tr>\n<\/tbody>\n<\/table>\n<p>&nbsp;<\/p>","protected":false},"excerpt":{"rendered":"<p>Informa\u00e7\u00f5es T\u00e9cnicas: Etapa 1 | Etapa 2 | Etapa 3 | Etapa 4 | Etapa 5 | Etapa 6 | Etapa 7 &nbsp; Mapa: Termas da Fonte Santa, Almeida, dezembro de 2023 &nbsp; Terreno:\u00a0 Terreno com abundantes detalhes rochosos e alguma vegeta\u00e7\u00e3o que dificulta a leitura do terreno. &nbsp; Cart\u00f3grafo:\u00a0Alexandre Reis Diretor de Prova:\u00a0Rui Mora Tra\u00e7ador de percurso:\u00a0Cl\u00e1udio Tereso Supervisor FPO:\u00a0Alexandre Reis Escala do mapa: 1:3.000 Equidist\u00e2ncia:\u00a02,5m &nbsp; Localiza\u00e7\u00e3o: Termas de Fonte Santa, a +- 30 Km da Arena de Amoreira e a 7 Km de Almeida. \u00a0 Estacionamento:\u00a0Nos locais indicados pela Organiza\u00e7\u00e3o junto \u00e0 \u00e1rea de competi\u00e7\u00e3o. Informa\u00e7\u00f5es: Instru\u00e7\u00f5es do Model Pre-O Sprint aqui. Prova de PreO SPRINT, disputada [&hellip;]<\/p>\n","protected":false},"author":14,"featured_media":0,"parent":0,"menu_order":0,"comment_status":"closed","ping_status":"closed","template":"","meta":{"_monsterinsights_skip_tracking":false,"_monsterinsights_sitenote_active":false,"_monsterinsights_sitenote_note":"","_monsterinsights_sitenote_category":0,"footnotes":""},"class_list":["post-578","page","type-page","status-publish","hentry"],"_links":{"self":[{"href":"https:\/\/pom.pt\/2024\/pt\/wp-json\/wp\/v2\/pages\/578","targetHints":{"allow":["GET"]}}],"collection":[{"href":"https:\/\/pom.pt\/2024\/pt\/wp-json\/wp\/v2\/pages"}],"about":[{"href":"https:\/\/pom.pt\/2024\/pt\/wp-json\/wp\/v2\/types\/page"}],"author":[{"embeddable":true,"href":"https:\/\/pom.pt\/2024\/pt\/wp-json\/wp\/v2\/users\/14"}],"replies":[{"embeddable":true,"href":"https:\/\/pom.pt\/2024\/pt\/wp-json\/wp\/v2\/comments?post=578"}],"version-history":[{"count":15,"href":"https:\/\/pom.pt\/2024\/pt\/wp-json\/wp\/v2\/pages\/578\/revisions"}],"predecessor-version":[{"id":1105,"href":"https:\/\/pom.pt\/2024\/pt\/wp-json\/wp\/v2\/pages\/578\/revisions\/1105"}],"wp:attachment":[{"href":"https:\/\/pom.pt\/2024\/pt\/wp-json\/wp\/v2\/media?parent=578"}],"curies":[{"name":"wp","href":"https:\/\/api.w.org\/{rel}","templated":true}]}}