{"id":348,"date":"2020-08-06T16:28:04","date_gmt":"2020-08-06T16:28:04","guid":{"rendered":"http:\/\/pom.pt\/2024\/?page_id=348"},"modified":"2024-01-31T23:14:50","modified_gmt":"2024-01-31T23:14:50","slug":"programa","status":"publish","type":"page","link":"https:\/\/pom.pt\/2024\/pt\/programa\/","title":{"rendered":"Programa"},"content":{"rendered":"<p><\/p>\n<p class=\"_04xlpA direction-ltr align-justify para-style-body\"><strong><span class=\"S1PPyQ\">26 Janeiro<\/span><\/strong><\/p>\n<ul>\n<li><span class=\"S1PPyQ\">T\u00e9rmino das inscri\u00e7\u00f5es nos escal\u00f5es de competi\u00e7\u00e3o e inscri\u00e7\u00f5es online com desconto.<\/span><\/li>\n<\/ul>\n<p class=\"_04xlpA direction-ltr align-justify para-style-body\"><strong><span class=\"S1PPyQ\">29 Janeiro<\/span><\/strong><\/p>\n<ul>\n<li><span class=\"S1PPyQ\">T\u00e9rmino das inscri\u00e7\u00f5es nos escal\u00f5es de competi\u00e7\u00e3o e inscri\u00e7\u00f5es online.<\/span><\/li>\n<li class=\"_04xlpA direction-ltr align-justify para-style-body\"><span class=\"S1PPyQ\">Ser\u00e3o aceites inscri\u00e7\u00f5es nos escal\u00f5es abertos at\u00e9 ao dia da prova mas sempre sujeito \u00e0 disponibilidade de mapa.<\/span><\/li>\n<\/ul>\n<p><strong>26 de janeiro (sexta-feira):<\/strong><\/p>\n<p>Final do 1\u00ba prazo para inscri\u00e7\u00f5es com pre\u00e7os vantajosos<strong>.<\/strong><\/p>\n<p><strong>29 de\u00a0janeiro\u00a0(segunda-feira):<\/strong><\/p>\n<p>Termino das inscri\u00e7\u00f5es em escal\u00f5es de competi\u00e7\u00e3o. Ap\u00f3s esta data apenas ser\u00e3o aceites inscri\u00e7\u00f5es nos escal\u00f5es abertos, at\u00e9 ao dia do evento, estando estas condicionadas \u00e0 exist\u00eancia de mapas.<\/p>\n<p>&nbsp;<\/p>\n<p><strong>08 de fevereiro\u00a0(dia -1 \u2013 quinta-feira):<\/strong><\/p>\n<p>09h30 \u2013 Abertura do Secretariado \u2013 Almeida \u2013 Event Center<\/p>\n<p>10h00 \u2013 Abertura do Model Event \u2013 Almeida (Floresta)<\/p>\n<p>16h00 \u2013 Encerramento do Model Event\u2013 Almeida (Floresta)<\/p>\n<p>20h00 \u2013 Abertura do Solo Duro<\/p>\n<p>20h30 \u2013 Fecho do Secretariado \u2013 Almeida \u2013 Event Center<\/p>\n<p>&nbsp;<\/p>\n<p><strong>09 de fevereiro (dia 0 \u2013 sexta-feira):<\/strong><\/p>\n<p>09h30 \u2013 Abertura do Secretariado \u2013 Almeida \u2013 Event Center<\/p>\n<p>10h00 \u2013 Abertura do Model Event \u2013 Almeida (Floresta)<\/p>\n<p>13h30 \u2013 <strong>Fecho da quarentena<\/strong> do Sprint Relay (para todos os atletas, Estafetas e individuais) \u2013 Arena<\/p>\n<p>13h40 \u2013 Cerim\u00f3nia de Abertura do POM 2024 \u2013 Arena Sprint Relay<\/p>\n<p>14h00 \u2013 Sprint Relay \u2013 Partida em Massa \u2013 (Equipas Competi\u00e7\u00e3o)<\/p>\n<p>14h10 \u2013 Sprint Relay \u2013 Partida em Massa \u2013 (Equipas Aberto)<\/p>\n<p>14h20 \u2013 Sprint Relay \u2013 In\u00edcio partidas escal\u00f5es individuais<\/p>\n<p>15h30 \u2013 Sprint Relay \u2013 Partida em Massa \u2013 (Atletas estafetas que n\u00e3o partiram)<\/p>\n<p>16h30 \u2013 Sprint Relay \u2013 Entrega de pr\u00e9mios \u2013 Arena Sprint Relay<\/p>\n<p>16h00 \u2013 Encerramento do Model Event\u00a0\u2013Almeida (Floresta)<\/p>\n<p>23:00 \u2013 Encerramento do Secretariado \u2013 Almeida \u2013 Event Center<\/p>\n<p>&nbsp;<\/p>\n<p><strong>10 de fevereiro (dia 1 \u2013 s\u00e1bado): Dist\u00e2ncia M\u00e9dia WRE &#8211; Amoreira<\/strong><\/p>\n<p>08h00 \u2013 Abertura do Secretariado \u2013 Amoreira\u2013 Arena<\/p>\n<p>10h00 \u2013 Partida Dist\u00e2ncia M\u00e9dia WRE \u2013 Competi\u00e7\u00e3o<\/p>\n<p>10h30 \u2013 In\u00edcio partida para os escal\u00f5es abertos e de forma\u00e7\u00e3o<\/p>\n<p>14h30 \u2013 Encerramento secretariado\u00a0 -Arena<\/p>\n<p>15h00 \u2013 Cerim\u00f3nia de entrega de pr\u00e9mios WRE \u2013 Arena<\/p>\n<p>&nbsp;<\/p>\n<p><strong>10 de fevereiro (dia 1 \u2013 s\u00e1bado): Sprint Noturno, Licor Beir\u00e3o &#8211; Miuzela do C\u00f4a<\/strong><\/p>\n<p>17h30 \u2013 Abertura do Secretariado \u2013 Miuzela do C\u00f4a<\/p>\n<p>19h00 \u2013 Partida Sprint Noturno \u2013 Miuzela do C\u00f4a<\/p>\n<p>19h30 \u2013 In\u00edcio partida para os escal\u00f5es abertos e de forma\u00e7\u00e3o<\/p>\n<p>21h00 \u2013 Cerim\u00f3nia de entrega de pr\u00e9mios -Sprint Noturno \u2013 Miuzela do C\u00f4a<\/p>\n<p>21h30 \u2013 Fecho do Secretariado \u2013 Miuzela do C\u00f4a<\/p>\n<p>&nbsp;<\/p>\n<p><strong>11 de fevereiro (dia 2 \u2013 domingo): Dist\u00e2ncia longa &#8211;\u00a0 Amoreira<\/strong><\/p>\n<p>08h00 \u2013 Abertura do Secretariado \u2013 Arena Amoreira<\/p>\n<p>10h00 \u2013 Partida dist\u00e2ncia Longa \u2013 Competi\u00e7\u00e3o<\/p>\n<p>10h30 \u2013\u00a0In\u00edcio partida para os escal\u00f5es abertos e de forma\u00e7\u00e3o<\/p>\n<p>16h00 \u2013 Encerramento secretariado<\/p>\n<p>&nbsp;<\/p>\n<p><strong>12 de fevereiro (dia 3 \u2013 segunda-feira): Dist\u00e2ncia M\u00e9dia WRE &#8211; Amoreira<\/strong><\/p>\n<p>08h00 \u2013 Abertura do Secretariado \u2013 Arena Amoreira<\/p>\n<p>10h00 \u2013 Partida Dist\u00e2ncia M\u00e9dia<strong> WRE<\/strong><\/p>\n<p>10h30 \u2013In\u00edcio partida para os escal\u00f5es abertos e de forma\u00e7\u00e3o<\/p>\n<p>14h30 \u2013 Encerramento secretariado na arena &#8211; Amoreira<\/p>\n<p>15h00 &#8211; Cerim\u00f3nia de entrega de pr\u00e9mios WRE \u2013 Arena<\/p>\n<p>&nbsp;<\/p>\n<p><strong>12 de fevereiro (dia 3 \u2013 segunda-feira): PreO &#8211; Termas Fonte Santa<\/strong><\/p>\n<p>13h00 \u2013 PreO\u2013 Abertura secretariado nas Termas (25 km da arena da Amoreira)<\/p>\n<p>13h30 &#8211; PreO &#8211; Partidas<\/p>\n<p>17h30 \u2013 PreO \u2013 Cerim\u00f3nia de entrega de pr\u00e9mios \u2013 Termas Fonte Santa<\/p>\n<p>&nbsp;<\/p>\n<p><strong>13 de fevereiro (dia 4 \u2013 ter\u00e7a-feira): Dist\u00e2ncia Longa &#8211; chasing start &#8211; Amoreira<\/strong><\/p>\n<p>08h00 \u2013 Abertura do Secretariado \u2013 Arena Amoreira<\/p>\n<p>09h00 \u2013 Dist\u00e2ncia Longa (chasing start para os escal\u00f5es de Elite na arena) \u2013 Amoreira<\/p>\n<p>09h30 \u2013 In\u00edcio partida para os escal\u00f5es abertos e de forma\u00e7\u00e3o<\/p>\n<p>10h00 \u2013 Mass Start para os restantes atletas dos escal\u00f5es de Elite na arena \u2013 Amoreira<\/p>\n<p>13h30 \u2013 Cerim\u00f3nia de entrega de pr\u00e9mios &#8211; POM2024 \u2013 Arena Amoreira<\/p>\n<p>15H00 \u2013 Fecho de Secretariado \u2013 Arena Amoreira<\/p>\n<p>17h00 \u2013 Fecho do Solo Duro<\/p>","protected":false},"excerpt":{"rendered":"<p>26 Janeiro T\u00e9rmino das inscri\u00e7\u00f5es nos escal\u00f5es de competi\u00e7\u00e3o e inscri\u00e7\u00f5es online com desconto. 29 Janeiro T\u00e9rmino das inscri\u00e7\u00f5es nos escal\u00f5es de competi\u00e7\u00e3o e inscri\u00e7\u00f5es online. Ser\u00e3o aceites inscri\u00e7\u00f5es nos escal\u00f5es abertos at\u00e9 ao dia da prova mas sempre sujeito \u00e0 disponibilidade de mapa. 26 de janeiro (sexta-feira): Final do 1\u00ba prazo para inscri\u00e7\u00f5es com pre\u00e7os vantajosos. 29 de\u00a0janeiro\u00a0(segunda-feira): Termino das inscri\u00e7\u00f5es em escal\u00f5es de competi\u00e7\u00e3o. Ap\u00f3s esta data apenas ser\u00e3o aceites inscri\u00e7\u00f5es nos escal\u00f5es abertos, at\u00e9 ao dia do evento, estando estas condicionadas \u00e0 exist\u00eancia de mapas. &nbsp; 08 de fevereiro\u00a0(dia -1 \u2013 quinta-feira): 09h30 \u2013 Abertura do Secretariado \u2013 Almeida \u2013 Event Center 10h00 \u2013 Abertura do Model [&hellip;]<\/p>\n","protected":false},"author":12,"featured_media":0,"parent":0,"menu_order":0,"comment_status":"closed","ping_status":"closed","template":"","meta":{"_monsterinsights_skip_tracking":false,"_monsterinsights_sitenote_active":false,"_monsterinsights_sitenote_note":"","_monsterinsights_sitenote_category":0,"footnotes":""},"class_list":["post-348","page","type-page","status-publish","hentry"],"_links":{"self":[{"href":"https:\/\/pom.pt\/2024\/pt\/wp-json\/wp\/v2\/pages\/348","targetHints":{"allow":["GET"]}}],"collection":[{"href":"https:\/\/pom.pt\/2024\/pt\/wp-json\/wp\/v2\/pages"}],"about":[{"href":"https:\/\/pom.pt\/2024\/pt\/wp-json\/wp\/v2\/types\/page"}],"author":[{"embeddable":true,"href":"https:\/\/pom.pt\/2024\/pt\/wp-json\/wp\/v2\/users\/12"}],"replies":[{"embeddable":true,"href":"https:\/\/pom.pt\/2024\/pt\/wp-json\/wp\/v2\/comments?post=348"}],"version-history":[{"count":29,"href":"https:\/\/pom.pt\/2024\/pt\/wp-json\/wp\/v2\/pages\/348\/revisions"}],"predecessor-version":[{"id":1091,"href":"https:\/\/pom.pt\/2024\/pt\/wp-json\/wp\/v2\/pages\/348\/revisions\/1091"}],"wp:attachment":[{"href":"https:\/\/pom.pt\/2024\/pt\/wp-json\/wp\/v2\/media?parent=348"}],"curies":[{"name":"wp","href":"https:\/\/api.w.org\/{rel}","templated":true}]}}